{"id":4020,"date":"2018-04-23T11:04:57","date_gmt":"2018-04-23T09:04:57","guid":{"rendered":"https:\/\/www.krajan.pl\/index.php\/produkt\/natalia\/"},"modified":"2026-01-26T15:49:05","modified_gmt":"2026-01-26T14:49:05","slug":"natalia","status":"publish","type":"product","link":"https:\/\/www.krajan.pl\/index.php\/produkt\/natalia\/","title":{"rendered":"Natalia"},"content":{"rendered":"<p><em>Uwagi:<\/em><\/p>\n<p><em><span class=\"ILfuVd\" lang=\"pl\"><span class=\"hgKElc\">\u00a0Kolory na zdj\u0119ciach\u00a0 mog\u0105 si\u0119 nieznacznie r\u00f3\u017cni\u0107 od rzeczywistych \u2013 wynika to z r\u00f3\u017cnorodno\u015bci dost\u0119pnego sprz\u0119tu komputerowego oraz jego indywidualnych ustawie\u0144 a w szczeg\u00f3lno\u015bci ustawie\u0144 monitora i karty graficznej.<\/span><\/span><\/em><\/p>\n<p>Views: 21<\/p>","protected":false},"excerpt":{"rendered":"<p>Informacje :<\/p>\n<p>Szer.\/wys.\/g\u0142.: 110\/200\/40 cm<\/p>\n<p>Kolor na zdj\u0119ciu: czekolada<\/p>\n<h3 data-start=\"155\" data-end=\"201\"><\/h3>\n<p data-start=\"203\" data-end=\"429\">Funkcjonalna i elegancka garderoba, idealna do nowoczesnych i klasycznych wn\u0119trz. Ciep\u0142y odcie\u0144 <strong data-start=\"299\" data-end=\"322\">czekoladowego br\u0105zu<\/strong> nadaje wn\u0119trzu przytulny charakter, a prosta forma sprawia, \u017ce mebel \u0142atwo dopasowa\u0107 do r\u00f3\u017cnych aran\u017cacji.<\/p>\n<p data-start=\"431\" data-end=\"443\"><strong data-start=\"431\" data-end=\"443\">Wymiary:<\/strong><\/p>\n<ul data-start=\"444\" data-end=\"513\">\n<li data-start=\"444\" data-end=\"467\">\n<p data-start=\"446\" data-end=\"467\">szeroko\u015b\u0107: <strong data-start=\"457\" data-end=\"467\">110 cm<\/strong><\/p>\n<\/li>\n<li data-start=\"468\" data-end=\"490\">\n<p data-start=\"470\" data-end=\"490\">wysoko\u015b\u0107: <strong data-start=\"480\" data-end=\"490\">200 cm<\/strong><\/p>\n<\/li>\n<li data-start=\"491\" data-end=\"513\">\n<p data-start=\"493\" data-end=\"513\">g\u0142\u0119boko\u015b\u0107: <strong data-start=\"504\" data-end=\"513\">40 cm<\/strong><\/p>\n<\/li>\n<\/ul>\n<p data-start=\"515\" data-end=\"534\"><strong data-start=\"515\" data-end=\"534\">Cechy produktu:<\/strong><\/p>\n<ul data-start=\"535\" data-end=\"813\">\n<li data-start=\"535\" data-end=\"621\">\n<p data-start=\"537\" data-end=\"621\">mebel wykonany z <strong data-start=\"554\" data-end=\"584\">laminowanej p\u0142yty wi\u00f3rowej<\/strong>, odpornej na codzienne u\u017cytkowanie<\/p>\n<\/li>\n<li data-start=\"622\" data-end=\"682\">\n<p data-start=\"624\" data-end=\"682\"><strong data-start=\"624\" data-end=\"642\">g\u0142adkie fronty<\/strong> \u2013 minimalistyczny i nowoczesny wygl\u0105d<\/p>\n<\/li>\n<li data-start=\"683\" data-end=\"766\">\n<p data-start=\"685\" data-end=\"766\">praktyczne rozwi\u0105zanie do przechowywania odzie\u017cy wierzchniej, obuwia i dodatk\u00f3w<\/p>\n<\/li>\n<li data-start=\"767\" data-end=\"813\">\n<p data-start=\"769\" data-end=\"813\">idealna do przedpokoju, holu lub korytarza<\/p>\n<\/li>\n<\/ul>\n<p data-start=\"815\" data-end=\"840\"><strong data-start=\"815\" data-end=\"840\">Informacje dodatkowe:<\/strong><\/p>\n<ul data-start=\"841\" data-end=\"981\">\n<li data-start=\"841\" data-end=\"885\">\n<p data-start=\"843\" data-end=\"885\">produkt <strong data-start=\"851\" data-end=\"859\">nowy<\/strong>, oryginalnie zapakowany<\/p>\n<\/li>\n<li data-start=\"886\" data-end=\"947\">\n<p data-start=\"888\" data-end=\"947\">meble dostarczane w <strong data-start=\"908\" data-end=\"945\">paczkach do samodzielnego monta\u017cu<\/strong><\/p>\n<\/li>\n<li data-start=\"948\" data-end=\"981\">\n<p data-start=\"950\" data-end=\"981\">w zestawie instrukcja monta\u017cu<\/p>\n<\/li>\n<\/ul>\n<p>&nbsp;<\/p>\n<p>&nbsp;<\/p>\n<p>&nbsp;<\/p>\n<div class=\"positioner\"><\/div>\n","protected":false},"featured_media":31094,"comment_status":"closed","ping_status":"closed","template":"","meta":[],"product_brand":[],"product_cat":[190],"product_tag":[],"class_list":{"0":"post-4020","1":"product","2":"type-product","3":"status-publish","4":"has-post-thumbnail","6":"product_cat-garderoby","7":"pa_kolor-artisan","8":"pa_kolor-canyon","9":"pa_kolor-czekolada","10":"pa_kolor-lefkas-ciemny","11":"pa_kolor-sonoma","12":"pa_kolor-trufel","13":"pa_kolor-wellington","14":"pa_kolor-wotan","16":"first","17":"outofstock","18":"shipping-taxable","19":"purchasable","20":"product-type-variable"},"_links":{"self":[{"href":"https:\/\/www.krajan.pl\/index.php\/wp-json\/wp\/v2\/product\/4020","targetHints":{"allow":["GET"]}}],"collection":[{"href":"https:\/\/www.krajan.pl\/index.php\/wp-json\/wp\/v2\/product"}],"about":[{"href":"https:\/\/www.krajan.pl\/index.php\/wp-json\/wp\/v2\/types\/product"}],"replies":[{"embeddable":true,"href":"https:\/\/www.krajan.pl\/index.php\/wp-json\/wp\/v2\/comments?post=4020"}],"wp:featuredmedia":[{"embeddable":true,"href":"https:\/\/www.krajan.pl\/index.php\/wp-json\/wp\/v2\/media\/31094"}],"wp:attachment":[{"href":"https:\/\/www.krajan.pl\/index.php\/wp-json\/wp\/v2\/media?parent=4020"}],"wp:term":[{"taxonomy":"product_brand","embeddable":true,"href":"https:\/\/www.krajan.pl\/index.php\/wp-json\/wp\/v2\/product_brand?post=4020"},{"taxonomy":"product_cat","embeddable":true,"href":"https:\/\/www.krajan.pl\/index.php\/wp-json\/wp\/v2\/product_cat?post=4020"},{"taxonomy":"product_tag","embeddable":true,"href":"https:\/\/www.krajan.pl\/index.php\/wp-json\/wp\/v2\/product_tag?post=4020"}],"curies":[{"name":"wp","href":"https:\/\/api.w.org\/{rel}","templated":true}]}}