{"id":31364,"date":"2026-04-15T11:02:37","date_gmt":"2026-04-15T09:02:37","guid":{"rendered":"https:\/\/www.krajan.pl\/?post_type=product&#038;p=31364"},"modified":"2026-04-16T11:23:25","modified_gmt":"2026-04-16T09:23:25","slug":"tomek-b","status":"publish","type":"product","link":"https:\/\/www.krajan.pl\/index.php\/produkt\/tomek-b\/","title":{"rendered":"Tomek B"},"content":{"rendered":"<p>Szeroko\u015b\u0107 szafy: 100cm<br \/>\nSzeroko\u015b\u0107 biurka: 130cm<br \/>\nSzeroko\u015b\u0107\u00a0 rega\u0142u prawego: 100 cm<\/p>\n<p>Views: 2<\/p>","protected":false},"excerpt":{"rendered":"<div id=\"opisy\">Szer.\/wys.\/g\u0142.: 330\/196\/53<\/div>\n<div id=\"box_bottom\">\n<div class=\"paleta_box\">\n<p><strong>Meble m\u0142odzie\u017cowe TOMEK-B<\/strong>\u00a0to doskona\u0142e uzupe\u0142nienie ka\u017cdego pokoju nastolatka\/dziecka. Wyj\u0105tkowy design nada wn\u0119trzu stylu i podkre\u015bli m\u0142odzie\u017cowy charakter pomieszczenia. To doskona\u0142e rozwi\u0105zanie dla wszystkich, kt\u00f3rzy ceni\u0105 sobie funkcjonalno\u015b\u0107 w przestrzeni swoich pociech. Ka\u017cdy element zestawu jest osobnym modu\u0142em, dzi\u0119ki czemu mo\u017cna ustawi\u0107 meble w dowolnej kombinacji. Meble s\u0105 pojemne i dost\u0119pne w r\u00f3\u017cnych kolorach.<\/p>\n<p><strong>Wymiary:<\/strong><\/p>\n<p>\u2013 szeroko\u015b\u0107 330 cm \/ wysoko\u015b\u0107 196 cm \/ g\u0142\u0119boko\u015b\u0107 53 cm<\/p>\n<p><strong>Informacje dodatkowe:<\/strong><\/p>\n<p>W sk\u0142ad powy\u017cszego zestawu wchodz\u0105 meble (szer.\/wys.\/g\u0142.):<br \/>\n\u2013 szafa 100\u00d7196\/53 z pojemn\u0105 szuflad\u0105 oraz dr\u0105\u017ckiem ubraniowym na wieszaki,<br \/>\n\u2013 biurko 130\u00d781\/53 z p\u00f3\u0142k\u0105 wysuwan\u0105 na klawiatur\u0119 nadstawka nad biurkiem,<br \/>\n\u2013 pojemny rega\u0142 100\/196 z p\u00f3\u0142kami w \u015brodku szuflada,<br \/>\n\u2013 mebel wykonany jest z p\u0142yty\u00a0 laminowanej o grubo\u015bci 16 mm,<br \/>\n\u2013 zastosowano wysokiej jako\u015bci uchwyty z tworzywa sztucznego, kt\u00f3re zapewniaj\u0105 trwa\u0142o\u015b\u0107 oraz komfort u\u017cytkowania.<br \/>\n\u2013 meble s\u0105 nowe, zapakowane w paczkach do samodzielnego monta\u017cu,<br \/>\n\u2013 wraz z czyteln\u0105 instrukcj\u0105 oraz akcesoriami.<\/p>\n<\/div>\n<\/div>\n","protected":false},"featured_media":31366,"comment_status":"open","ping_status":"closed","template":"","meta":[],"product_brand":[],"product_cat":[235,258],"product_tag":[],"class_list":{"0":"post-31364","1":"product","2":"type-product","3":"status-publish","4":"has-post-thumbnail","6":"product_cat-mlodziezowe","7":"product_cat-nowosc-2026","8":"pa_kolor-artisan-bialy","9":"pa_kolor-czekolada-sonoma","10":"pa_kolor-sonoma-czekolada","11":"pa_kolor-wotan-grafit","13":"first","14":"outofstock","15":"shipping-taxable","16":"product-type-variable"},"_links":{"self":[{"href":"https:\/\/www.krajan.pl\/index.php\/wp-json\/wp\/v2\/product\/31364","targetHints":{"allow":["GET"]}}],"collection":[{"href":"https:\/\/www.krajan.pl\/index.php\/wp-json\/wp\/v2\/product"}],"about":[{"href":"https:\/\/www.krajan.pl\/index.php\/wp-json\/wp\/v2\/types\/product"}],"replies":[{"embeddable":true,"href":"https:\/\/www.krajan.pl\/index.php\/wp-json\/wp\/v2\/comments?post=31364"}],"wp:featuredmedia":[{"embeddable":true,"href":"https:\/\/www.krajan.pl\/index.php\/wp-json\/wp\/v2\/media\/31366"}],"wp:attachment":[{"href":"https:\/\/www.krajan.pl\/index.php\/wp-json\/wp\/v2\/media?parent=31364"}],"wp:term":[{"taxonomy":"product_brand","embeddable":true,"href":"https:\/\/www.krajan.pl\/index.php\/wp-json\/wp\/v2\/product_brand?post=31364"},{"taxonomy":"product_cat","embeddable":true,"href":"https:\/\/www.krajan.pl\/index.php\/wp-json\/wp\/v2\/product_cat?post=31364"},{"taxonomy":"product_tag","embeddable":true,"href":"https:\/\/www.krajan.pl\/index.php\/wp-json\/wp\/v2\/product_tag?post=31364"}],"curies":[{"name":"wp","href":"https:\/\/api.w.org\/{rel}","templated":true}]}}