{"id":30955,"date":"2025-08-26T11:35:45","date_gmt":"2025-08-26T09:35:45","guid":{"rendered":"https:\/\/www.krajan.pl\/?post_type=product&#038;p=30955"},"modified":"2026-04-15T13:58:31","modified_gmt":"2026-04-15T11:58:31","slug":"jung-z-lozkiem-140x200","status":"publish","type":"product","link":"https:\/\/www.krajan.pl\/index.php\/produkt\/jung-z-lozkiem-140x200\/","title":{"rendered":"JUNG z \u0142\u00f3\u017ckiem 140&#215;200"},"content":{"rendered":"<p>\u2013 meble s\u0105 nowe, zapakowane w paczkach do samodzielnego monta\u017cu,<br \/>\n\u2013 wraz z czyteln\u0105 instrukcj\u0105 oraz akcesoriami.<\/p>\n<p><em><span class=\"ILfuVd\" lang=\"pl\"><span class=\"hgKElc\">Kolory na zdj\u0119ciach\u00a0 mog\u0105 si\u0119 nieznacznie r\u00f3\u017cni\u0107 od rzeczywistych \u2013 wynika to z r\u00f3\u017cnorodno\u015bci dost\u0119pnego sprz\u0119tu komputerowego oraz jego indywidualnych ustawie\u0144 a w szczeg\u00f3lno\u015bci ustawie\u0144 monitora i karty graficznej.<\/span><\/span><\/em><\/p>\n<p>Views: 25<\/p>","protected":false},"excerpt":{"rendered":"<p>Meble JUNG z du\u017cym \u0142\u00f3\u017ckiem 140 cm\u00a0\u00a0\u00a0to \u015bwietne rozwi\u0105zanie do ma\u0142ej kawalerki, sypialni lub pokoju m\u0142odzie\u017cowego<span data-olk-copy-source=\"MessageBody\">.System meblowy zaprojektowany z my\u015bl\u0105 o elastyczno\u015bci. Modu\u0142 \u0142\u00f3\u017cka mo\u017cna zast\u0105pi\u0107 biurkiem, a samo \u0142\u00f3\u017cko ustawi\u0107 w innym miejscu, tworz\u0105c idealn\u0105 stref\u0119 pracy i odpoczynku.<\/span><\/p>\n<p>Zestaw sk\u0142ada si\u0119 z:<\/p>\n<ul>\n<li>szafy 90 cm,<\/li>\n<li>\u00a0\u0142\u00f3\u017cko 140&#215;200 bez materaca,<\/li>\n<li>szafki wisz\u0105cej,<\/li>\n<li>bieli\u017aniarki 45 cm.<\/li>\n<\/ul>\n<p>Ca\u0142o\u015b\u0107 mebla wynosi 2,75 cm.<\/p>\n<p>&nbsp;<\/p>\n<p>Informacje dodatkowe:<\/p>\n<ul>\n<li>Powierzchnia spania wynosi 140&#215;200 cm.<\/li>\n<li>\u0141\u00f3\u017cko nie posiada w zestawie materaca.<\/li>\n<li>\u0141\u00f3\u017cko posiada\u00a0 stela\u017c drewniany pod materac.<\/li>\n<\/ul>\n<p>&nbsp;<\/p>\n<div role=\"presentation\" data-olk-copy-source=\"MessageBody\">Cena zestawu nie uwzgl\u0119dnia o\u015bwietlenia LED, sprz\u0119t\u00f3w <span class=\"mark6wk734a9s\" data-markjs=\"true\" data-ogac=\"\" data-ogab=\"\" data-ogsc=\"\" data-ogsb=\"\">RTV<\/span>,<span class=\"mark423defol6\" data-markjs=\"true\" data-ogac=\"\" data-ogab=\"\" data-ogsc=\"\" data-ogsb=\"\">AGD<\/span> ,wyposa\u017cenia dekoracyjnego mebla oraz biurka.<\/div>\n","protected":false},"featured_media":30960,"comment_status":"open","ping_status":"closed","template":"","meta":[],"product_brand":[],"product_cat":[235,258],"product_tag":[],"class_list":{"0":"post-30955","1":"product","2":"type-product","3":"status-publish","4":"has-post-thumbnail","6":"product_cat-mlodziezowe","7":"product_cat-nowosc-2026","8":"pa_kolor-artisan","9":"pa_kolor-grafit-artisan","10":"pa_kolor-grafit-wotan","11":"pa_kolor-sonoma","12":"pa_kolor-trufel","14":"first","15":"instock","16":"shipping-taxable","17":"product-type-simple"},"_links":{"self":[{"href":"https:\/\/www.krajan.pl\/index.php\/wp-json\/wp\/v2\/product\/30955","targetHints":{"allow":["GET"]}}],"collection":[{"href":"https:\/\/www.krajan.pl\/index.php\/wp-json\/wp\/v2\/product"}],"about":[{"href":"https:\/\/www.krajan.pl\/index.php\/wp-json\/wp\/v2\/types\/product"}],"replies":[{"embeddable":true,"href":"https:\/\/www.krajan.pl\/index.php\/wp-json\/wp\/v2\/comments?post=30955"}],"wp:featuredmedia":[{"embeddable":true,"href":"https:\/\/www.krajan.pl\/index.php\/wp-json\/wp\/v2\/media\/30960"}],"wp:attachment":[{"href":"https:\/\/www.krajan.pl\/index.php\/wp-json\/wp\/v2\/media?parent=30955"}],"wp:term":[{"taxonomy":"product_brand","embeddable":true,"href":"https:\/\/www.krajan.pl\/index.php\/wp-json\/wp\/v2\/product_brand?post=30955"},{"taxonomy":"product_cat","embeddable":true,"href":"https:\/\/www.krajan.pl\/index.php\/wp-json\/wp\/v2\/product_cat?post=30955"},{"taxonomy":"product_tag","embeddable":true,"href":"https:\/\/www.krajan.pl\/index.php\/wp-json\/wp\/v2\/product_tag?post=30955"}],"curies":[{"name":"wp","href":"https:\/\/api.w.org\/{rel}","templated":true}]}}